{"id":1619,"date":"2017-01-31T16:03:41","date_gmt":"2017-01-31T15:03:41","guid":{"rendered":"https:\/\/opticacremades.com\/es\/contacto-av-valencia\/"},"modified":"2025-01-09T15:02:18","modified_gmt":"2025-01-09T14:02:18","slug":"av-madereros","status":"publish","type":"page","link":"https:\/\/opticacremades.com\/es\/av-madereros\/","title":{"rendered":"Contacto Avenida de los Madereros"},"content":{"rendered":"<div class=\"wpb-content-wrapper\"><p>[vc_row css_animation=\u00bb\u00bb row_type=\u00bbrow\u00bb use_row_as_full_screen_section=\u00bbyes\u00bb type=\u00bbfull_width\u00bb angled_section=\u00bbno\u00bb text_align=\u00bbleft\u00bb background_image_as_pattern=\u00bbwithout_pattern\u00bb bg_type=\u00bbbg_color\u00bb bg_override=\u00bbex-full\u00bb css=\u00bb.vc_custom_1480939943696{margin-top: 0px !important;margin-bottom: 0px !important;border-top-width: 0px !important;border-bottom-width: 0px !important;padding-top: 0px !important;padding-bottom: 0px !important;}\u00bb el_id=\u00bbmap\u00bb][vc_column][vc_column_text]<\/p>\n<div class=\"contact_location\">\n\n\t\t\t\t<p class=\"address\" style=\"text-align: center;\">Estamos en <span>Avd. de los Madereros, 27<\/span><\/p><p><a class=\"qbutton small\" title=\"Mostrar indicaciones a Avd. de los Madereros, 27\" href=\"https:\/\/www.google.com\/maps\/place\/%C3%93PTICA+CREMADES+Chelva+Zas+Visi%C3%B3n\/@39.7493364,-0.9991021,17z\/data=!3m1!4b1!4m5!3m4!1s0xd60bbecf3aa829b:0x2d6a9bba8516959d!8m2!3d39.7493323!4d-0.9969134?hl=es-ES\" target=\"_blank\"><i class=\"fa fa-map-o\"><\/i> C\u00f3mo llegar<\/a><\/p>\n\t\t\t\n<ul class=\"stations\"><\/ul><\/div>\n<div class=\"acf-map\">\n\t\t\t\t\t\t<div class=\"marker\" data-lat=\"39.7485839\" data-lng=\"-0.9949375999999575\"><\/div>\n\t\t\t\t\t<\/div>\n\t\t\t\t[\/vc_column_text][\/vc_column][\/vc_row][vc_row css_animation=\u00bb\u00bb row_type=\u00bbrow\u00bb use_row_as_full_screen_section=\u00bbyes\u00bb type=\u00bbgrid\u00bb angled_section=\u00bbno\u00bb text_align=\u00bbleft\u00bb background_image_as_pattern=\u00bbwithout_pattern\u00bb bg_type=\u00bbbg_color\u00bb bg_override=\u00bbex-full\u00bb css=\u00bb.vc_custom_1482063469367{padding-top: 50px !important;padding-bottom: 50px !important;background-color: #373737 !important;}\u00bb bg_color_value=\u00bb#373737&#8243;][vc_column][vc_row_inner row_type=\u00bbrow\u00bb type=\u00bbfull_width\u00bb text_align=\u00bbleft\u00bb css_animation=\u00bb\u00bb][vc_column_inner width=\u00bb5\/6&#8243;][vc_column_text]<\/p>\n<h2 style=\"text-align: center\"><span style=\"color: #ffffff\">Ahora estamos <span style=\"display:none;\">930-1330-532<\/span><span style=\"display:none;\">1630-2000-532<\/span><span style=\"display:none;\">930-1330-930<\/span><span style=\"display:none;\">930-1330-930<\/span><div class=\"op-is-open-shortcode\"><span style=\"display:none;\">2026-05-01 05:32:32<\/span><span class=\"op-closed\">Cerrados<\/span><span class=\"op-next-period \">Abriremos de nuevo el viernes 01\/05\/2026 de 09:30h a 13:30h<\/span><\/div><\/span><\/h2>\n<p>[\/vc_column_text][\/vc_column_inner][vc_column_inner width=\u00bb1\/6&#8243;]<div style=\"text-align:center;\" class=\"ult-modal-input-wrapper ult-adjust-bottom-margin view_time\"><button type=\"button\" data-modal=\"cdt-modal-69f41ed0965c6\" class=\"modal-trigger md view_time_box btn-modal ult-responsive btn-primary btn-modal-md overlay-show view_time_box-button  ult-align-center\" style=\"background:#c7a538;color:#ffffff;\">Ver horario<\/button><\/div><dialog id=\"cdt-modal-69f41ed0965c6\" class=\"wp-modal-dialog view_time\" style=\"background:#ffffff;\"><div class=\"wp-modal-content\"><button type=\"button\" class=\"modal-close\" data-close=\"cdt-modal-69f41ed0965c6\" style=\"position:absolute;top:5px;right:10px;font-size:18px;background:none;border:none;cursor:pointer;\">\u00d7<\/button><div class=\"op-overview-shortcode\">\n<table class=\"op-table op-table-overview\">\n  \n    <tr class=\"op-row op-row-day \">\n    <th class=\"op-cell op-cell-heading\" scope=\"row\">lunes<\/th>\n    <td class=\"op-cell op-cell-periods\"><span class=\"op-period-time \">09:30 - 13:30<\/span><span class=\"op-period-time \">16:30 - 20:00<\/span><\/td>\n  <\/tr>\n    <tr class=\"op-row op-row-day \">\n    <th class=\"op-cell op-cell-heading\" scope=\"row\">martes<\/th>\n    <td class=\"op-cell op-cell-periods\"><span class=\"op-period-time \">09:30 - 13:30<\/span><span class=\"op-period-time \">16:30 - 20:00<\/span><\/td>\n  <\/tr>\n    <tr class=\"op-row op-row-day \">\n    <th class=\"op-cell op-cell-heading\" scope=\"row\">mi\u00e9rcoles<\/th>\n    <td class=\"op-cell op-cell-periods\"><span class=\"op-period-time \">09:30 - 13:30<\/span><span class=\"op-period-time \">16:30 - 20:00<\/span><\/td>\n  <\/tr>\n    <tr class=\"op-row op-row-day \">\n    <th class=\"op-cell op-cell-heading\" scope=\"row\">jueves<\/th>\n    <td class=\"op-cell op-cell-periods\"><span class=\"op-period-time \">09:30 - 13:30<\/span><span class=\"op-period-time \">16:30 - 20:00<\/span><\/td>\n  <\/tr>\n    <tr class=\"op-row op-row-day \">\n    <th class=\"op-cell op-cell-heading\" scope=\"row\">viernes<\/th>\n    <td class=\"op-cell op-cell-periods\"><span class=\"op-period-time \">09:30 - 13:30<\/span><span class=\"op-period-time \">16:30 - 20:00<\/span><\/td>\n  <\/tr>\n    <tr class=\"op-row op-row-day \">\n    <th class=\"op-cell op-cell-heading\" scope=\"row\">s\u00e1bado<\/th>\n    <td class=\"op-cell op-cell-periods\"><span class=\"op-period-time \">09:30 - 13:30<\/span><\/td>\n  <\/tr>\n    <tr class=\"op-row op-row-day \">\n    <th class=\"op-cell op-cell-heading\" scope=\"row\">domingo<\/th>\n    <td class=\"op-cell op-cell-periods\"><span class=\"op-closed\">Cerrado<\/span><\/td>\n  <\/tr>\n  <\/table>\n\n<\/div><\/div><\/dialog><style>.vc_custom_1508228285841{margin-bottom: 0px !important;}<\/style>[\/vc_column_inner][\/vc_row_inner][\/vc_column][\/vc_row][vc_row css_animation=\u00bb\u00bb row_type=\u00bbrow\u00bb use_row_as_full_screen_section=\u00bbyes\u00bb type=\u00bbgrid\u00bb angled_section=\u00bbno\u00bb text_align=\u00bbleft\u00bb background_image_as_pattern=\u00bbwithout_pattern\u00bb background_color=\u00bb#efefef\u00bb bg_type=\u00bbbg_color\u00bb bg_override=\u00bbex-full\u00bb bg_color_value=\u00bb#eeeeee\u00bb][vc_column][vc_row_inner row_type=\u00bbrow\u00bb type=\u00bbfull_width\u00bb text_align=\u00bbleft\u00bb css_animation=\u00bb\u00bb][vc_column_inner][BetterWeather location=\u00bb39.7493491,-0.997118&#8243; location_name=\u00bbChelva\u00bb style=\u00bbnormal\u00bb bg_type=\u00bbstatic\u00bb bg_color=\u00bb#eeeeee\u00bb font_color=\u00bb#999999&#8243; show_unit=\u00bbon\u00bb][\/vc_column_inner][\/vc_row_inner][\/vc_column][\/vc_row][vc_row css_animation=\u00bb\u00bb row_type=\u00bbrow\u00bb use_row_as_full_screen_section=\u00bbno\u00bb type=\u00bbgrid\u00bb angled_section=\u00bbno\u00bb text_align=\u00bbleft\u00bb background_image_as_pattern=\u00bbwithout_pattern\u00bb border_color=\u00bb#cccccc\u00bb css=\u00bb.vc_custom_1480589430782{padding-top: 50px !important;padding-bottom: 50px !important;}\u00bb][vc_column width=\u00bb1\/2&#8243; css=\u00bb.vc_custom_1479212471349{padding-top: 20px !important;padding-bottom: 20px !important;}\u00bb][vc_column_text css=\u00bb.vc_custom_1479400144458{padding-bottom: 50px !important;}\u00bb]CONT\u00c1CTANOS[\/vc_column_text][contact-form-7 id=\u00bb4&#8243; html_class=\u00bbdefault\u00bb][vc_empty_space][vc_column_text]<\/p>\n<h5><b>INFORMACI\u00d3N B\u00c1SICA SOBRE PROTECCI\u00d3N DE DATOS<\/b><\/h5>\n<p><span style=\"font-weight: 400\"><strong>Responsable:<\/strong> \u00d3PTICA CREMADES SL<\/span><\/p>\n<p><span style=\"font-weight: 400\"><strong>Finalidad:<\/strong> Gestionar las consultas planteadas en el formulario de contacto <\/span><\/p>\n<p><span style=\"font-weight: 400\"><strong>Legitimaci\u00f3n:<\/strong> Inter\u00e9s leg\u00edtimo del Responsable y consentimiento del interesado.<\/span><\/p>\n<p><span style=\"font-weight: 400\"><strong>Destinatarios:<\/strong> Sus datos podr\u00e1n ser cedidos a otras entidades que sea necesario para realizar un servicio leg\u00edtimo de la empresa como se explica en la informaci\u00f3n adicional.<\/span><\/p>\n<p><span style=\"font-weight: 400\"><strong>Derechos:<\/strong> Acceder, rectificar y suprimir los datos, as\u00ed como otros derechos, como se explica en la informaci\u00f3n adicional.<\/span><\/p>\n<p><span style=\"font-weight: 400\">Puede consultar la informaci\u00f3n adicional y detallada sobre Protecci\u00f3n de Datos expuesta en nuestra pol\u00edtica de privacidad en el siguiente <a href=\"https:\/\/opticacremades.com\/es\/terminos-y-condiciones\/\" target=\"_blank\" rel=\"noopener noreferrer\">link<\/a><\/span><\/p>\n<p>&nbsp;<\/p>\n<p>&nbsp;[\/vc_column_text][vc_empty_space][\/vc_column][vc_column width=\u00bb1\/2&#8243; el_class=\u00bbcontact_data\u00bb][vc_column_text css=\u00bb.vc_custom_1487670725423{padding-top: 100px !important;}\u00bb]<\/p>\n<p style=\"text-align: center\"><strong>Si lo prefieres puedes llamarnos<\/strong><\/p>\n<p style=\"text-align: center\"><a class=\"phone\" href=\"tel:962 700 274\">962 109 204<\/a><\/p>\n<p>[\/vc_column_text][vc_column_text css=\u00bb.vc_custom_1480587677666{margin-top: 50px !important;}\u00bb]O contactarnos a trav\u00e9s de nuestras redes[\/vc_column_text][vc_column_text css=\u00bb.vc_custom_1480940696112{margin-top: 40px !important;}\u00bb]\n\t\t\t\t\t\t\t<a class=\"social_icon_holder\" itemprop=\"email\" href=\"mailto:opticacremades@zasvision.com\" target=\"_blank\">\n\t\t\t\t\t\t\t\t<i class=\"fa fa-envelope\"><\/i>\n\t\t\t\t\t\t\t<\/a>\n\t\t\t\t\t\n\t\t\t\t\t\t<a class=\"social_icon_holder\" itemprop=\"url\" href=\"https:\/\/www.facebook.com\/optica.cremades\/\" target=\"_blank\">\n\t\t\t\t\t\t\t<i class=\"fa fa-facebook \"><\/i>\n\t\t\t\t\t\t<\/a>\n\t\t\t\t\n\t\t\t\t\t\t<a class=\"social_icon_holder\" itemprop=\"url\" href=\"https:\/\/twitter.com\/OpticaCremades\" target=\"_blank\">\n\t\t\t\t\t\t\t<i class=\"fa fa-twitter\"><\/i>\n\t\t\t\t\t\t<\/a>\n\t\t\t\t\n\t\t\t\t\t\t<a class=\"social_icon_holder\" itemprop=\"url\" href=\"https:\/\/www.instagram.com\/opticacremades\/\" target=\"_blank\">\n\t\t\t\t\t\t\t<i class=\"fa fa-instagram\"><\/i>\n\t\t\t\t\t\t<\/a>\n\t\t\t\t[\/vc_column_text][\/vc_column][\/vc_row][vc_row css_animation=\u00bb\u00bb row_type=\u00bbrow\u00bb use_row_as_full_screen_section=\u00bbno\u00bb type=\u00bbfull_width\u00bb angled_section=\u00bbno\u00bb text_align=\u00bbleft\u00bb background_image_as_pattern=\u00bbwithout_pattern\u00bb][vc_column width=\u00bb1\/4&#8243;][\/vc_column][vc_column width=\u00bb1\/2&#8243;][vc_single_image image=\u00bb2200&#8243; img_size=\u00bbfull\u00bb alignment=\u00bbcenter\u00bb qode_css_animation=\u00bb\u00bb][\/vc_column][vc_column width=\u00bb1\/4&#8243;][\/vc_column][\/vc_row]<\/p>\n<\/div>","protected":false},"excerpt":{"rendered":"<p>[vc_row css_animation=\u00bb\u00bb row_type=\u00bbrow\u00bb use_row_as_full_screen_section=\u00bbyes\u00bb type=\u00bbfull_width\u00bb angled_section=\u00bbno\u00bb text_align=\u00bbleft\u00bb background_image_as_pattern=\u00bbwithout_pattern\u00bb bg_type=\u00bbbg_color\u00bb bg_override=\u00bbex-full\u00bb css=\u00bb.vc_custom_1480939943696{margin-top: 0px !important;margin-bottom: 0px !important;border-top-width: 0px !important;border-bottom-width: 0px !important;padding-top: 0px !important;padding-bottom: 0px !important;}\u00bb el_id=\u00bbmap\u00bb][vc_column][vc_column_text] [\/vc_column_text][\/vc_column][\/vc_row][vc_row css_animation=\u00bb\u00bb row_type=\u00bbrow\u00bb use_row_as_full_screen_section=\u00bbyes\u00bb type=\u00bbgrid\u00bb angled_section=\u00bbno\u00bb text_align=\u00bbleft\u00bb background_image_as_pattern=\u00bbwithout_pattern\u00bb bg_type=\u00bbbg_color\u00bb bg_override=\u00bbex-full\u00bb css=\u00bb.vc_custom_1482063469367{padding-top: 50px !important;padding-bottom: 50px !important;background-color: #373737 !important;}\u00bb bg_color_value=\u00bb#373737&#8243;][vc_column][vc_row_inner row_type=\u00bbrow\u00bb type=\u00bbfull_width\u00bb text_align=\u00bbleft\u00bb&#8230;<\/p>\n","protected":false},"author":12,"featured_media":0,"parent":0,"menu_order":0,"comment_status":"closed","ping_status":"closed","template":"full_width.php","meta":{"_acf_changed":false,"footnotes":""},"class_list":["post-1619","page","type-page","status-publish","hentry"],"acf":[],"yoast_head":"<!-- This site is optimized with the Yoast SEO plugin v27.4 - https:\/\/yoast.com\/product\/yoast-seo-wordpress\/ -->\n<title>Contacto Avenida de los Madereros - \u00d3PTICA CREMADES<\/title>\n<meta name=\"robots\" content=\"index, follow, max-snippet:-1, max-image-preview:large, max-video-preview:-1\" \/>\n<link rel=\"canonical\" href=\"https:\/\/opticacremades.com\/es\/av-madereros\/\" \/>\n<meta property=\"og:locale\" content=\"es_ES\" \/>\n<meta property=\"og:type\" content=\"article\" \/>\n<meta property=\"og:title\" content=\"Contacto Avenida de los Madereros - \u00d3PTICA CREMADES\" \/>\n<meta property=\"og:description\" content=\"[vc_row css_animation=\u00bb\u00bb row_type=\u00bbrow\u00bb use_row_as_full_screen_section=\u00bbyes\u00bb type=\u00bbfull_width\u00bb angled_section=\u00bbno\u00bb text_align=\u00bbleft\u00bb background_image_as_pattern=\u00bbwithout_pattern\u00bb bg_type=\u00bbbg_color\u00bb bg_override=\u00bbex-full\u00bb css=\u00bb.vc_custom_1480939943696{margin-top: 0px !important;margin-bottom: 0px !important;border-top-width: 0px !important;border-bottom-width: 0px !important;padding-top: 0px !important;padding-bottom: 0px !important;}\u00bb el_id=\u00bbmap\u00bb][vc_column][vc_column_text] [\/vc_column_text][\/vc_column][\/vc_row][vc_row css_animation=\u00bb\u00bb row_type=\u00bbrow\u00bb use_row_as_full_screen_section=\u00bbyes\u00bb type=\u00bbgrid\u00bb angled_section=\u00bbno\u00bb text_align=\u00bbleft\u00bb background_image_as_pattern=\u00bbwithout_pattern\u00bb bg_type=\u00bbbg_color\u00bb bg_override=\u00bbex-full\u00bb css=\u00bb.vc_custom_1482063469367{padding-top: 50px !important;padding-bottom: 50px !important;background-color: #373737 !important;}\u00bb bg_color_value=\u00bb#373737&#8243;][vc_column][vc_row_inner row_type=\u00bbrow\u00bb type=\u00bbfull_width\u00bb text_align=\u00bbleft\u00bb...\" \/>\n<meta property=\"og:url\" content=\"https:\/\/opticacremades.com\/es\/av-madereros\/\" \/>\n<meta property=\"og:site_name\" content=\"\u00d3PTICA CREMADES\" \/>\n<meta property=\"article:modified_time\" content=\"2025-01-09T14:02:18+00:00\" \/>\n<meta name=\"twitter:card\" content=\"summary_large_image\" \/>\n<meta name=\"twitter:label1\" content=\"Tiempo de lectura\" \/>\n\t<meta name=\"twitter:data1\" content=\"3 minutos\" \/>\n<script type=\"application\/ld+json\" class=\"yoast-schema-graph\">{\"@context\":\"https:\\\/\\\/schema.org\",\"@graph\":[{\"@type\":\"WebPage\",\"@id\":\"https:\\\/\\\/opticacremades.com\\\/es\\\/av-madereros\\\/\",\"url\":\"https:\\\/\\\/opticacremades.com\\\/es\\\/av-madereros\\\/\",\"name\":\"Contacto Avenida de los Madereros - \u00d3PTICA CREMADES\",\"isPartOf\":{\"@id\":\"https:\\\/\\\/opticacremades.com\\\/es\\\/#website\"},\"datePublished\":\"2017-01-31T15:03:41+00:00\",\"dateModified\":\"2025-01-09T14:02:18+00:00\",\"breadcrumb\":{\"@id\":\"https:\\\/\\\/opticacremades.com\\\/es\\\/av-madereros\\\/#breadcrumb\"},\"inLanguage\":\"es\",\"potentialAction\":[{\"@type\":\"ReadAction\",\"target\":[\"https:\\\/\\\/opticacremades.com\\\/es\\\/av-madereros\\\/\"]}]},{\"@type\":\"BreadcrumbList\",\"@id\":\"https:\\\/\\\/opticacremades.com\\\/es\\\/av-madereros\\\/#breadcrumb\",\"itemListElement\":[{\"@type\":\"ListItem\",\"position\":1,\"name\":\"Portada\",\"item\":\"https:\\\/\\\/opticacremades.com\\\/es\\\/\"},{\"@type\":\"ListItem\",\"position\":2,\"name\":\"Contacto Avenida de los Madereros\"}]},{\"@type\":\"WebSite\",\"@id\":\"https:\\\/\\\/opticacremades.com\\\/es\\\/#website\",\"url\":\"https:\\\/\\\/opticacremades.com\\\/es\\\/\",\"name\":\"Optica Cremades\",\"description\":\"Otro sitio creado por OPTI\",\"publisher\":{\"@id\":\"https:\\\/\\\/opticacremades.com\\\/es\\\/#organization\"},\"potentialAction\":[{\"@type\":\"SearchAction\",\"target\":{\"@type\":\"EntryPoint\",\"urlTemplate\":\"https:\\\/\\\/opticacremades.com\\\/es\\\/?s={search_term_string}\"},\"query-input\":{\"@type\":\"PropertyValueSpecification\",\"valueRequired\":true,\"valueName\":\"search_term_string\"}}],\"inLanguage\":\"es\"},{\"@type\":\"Organization\",\"@id\":\"https:\\\/\\\/opticacremades.com\\\/es\\\/#organization\",\"name\":\"Optica Cremades\",\"url\":\"https:\\\/\\\/opticacremades.com\\\/es\\\/\",\"logo\":{\"@type\":\"ImageObject\",\"inLanguage\":\"es\",\"@id\":\"https:\\\/\\\/opticacremades.com\\\/es\\\/#\\\/schema\\\/logo\\\/image\\\/\",\"url\":null,\"contentUrl\":null,\"width\":null,\"height\":null,\"caption\":\"Optica Cremades\"},\"image\":{\"@id\":\"https:\\\/\\\/opticacremades.com\\\/es\\\/#\\\/schema\\\/logo\\\/image\\\/\"}}]}<\/script>\n<!-- \/ Yoast SEO plugin. -->","yoast_head_json":{"title":"Contacto Avenida de los Madereros - \u00d3PTICA CREMADES","robots":{"index":"index","follow":"follow","max-snippet":"max-snippet:-1","max-image-preview":"max-image-preview:large","max-video-preview":"max-video-preview:-1"},"canonical":"https:\/\/opticacremades.com\/es\/av-madereros\/","og_locale":"es_ES","og_type":"article","og_title":"Contacto Avenida de los Madereros - \u00d3PTICA CREMADES","og_description":"[vc_row css_animation=\u00bb\u00bb row_type=\u00bbrow\u00bb use_row_as_full_screen_section=\u00bbyes\u00bb type=\u00bbfull_width\u00bb angled_section=\u00bbno\u00bb text_align=\u00bbleft\u00bb background_image_as_pattern=\u00bbwithout_pattern\u00bb bg_type=\u00bbbg_color\u00bb bg_override=\u00bbex-full\u00bb css=\u00bb.vc_custom_1480939943696{margin-top: 0px !important;margin-bottom: 0px !important;border-top-width: 0px !important;border-bottom-width: 0px !important;padding-top: 0px !important;padding-bottom: 0px !important;}\u00bb el_id=\u00bbmap\u00bb][vc_column][vc_column_text] [\/vc_column_text][\/vc_column][\/vc_row][vc_row css_animation=\u00bb\u00bb row_type=\u00bbrow\u00bb use_row_as_full_screen_section=\u00bbyes\u00bb type=\u00bbgrid\u00bb angled_section=\u00bbno\u00bb text_align=\u00bbleft\u00bb background_image_as_pattern=\u00bbwithout_pattern\u00bb bg_type=\u00bbbg_color\u00bb bg_override=\u00bbex-full\u00bb css=\u00bb.vc_custom_1482063469367{padding-top: 50px !important;padding-bottom: 50px !important;background-color: #373737 !important;}\u00bb bg_color_value=\u00bb#373737&#8243;][vc_column][vc_row_inner row_type=\u00bbrow\u00bb type=\u00bbfull_width\u00bb text_align=\u00bbleft\u00bb...","og_url":"https:\/\/opticacremades.com\/es\/av-madereros\/","og_site_name":"\u00d3PTICA CREMADES","article_modified_time":"2025-01-09T14:02:18+00:00","twitter_card":"summary_large_image","twitter_misc":{"Tiempo de lectura":"3 minutos"},"schema":{"@context":"https:\/\/schema.org","@graph":[{"@type":"WebPage","@id":"https:\/\/opticacremades.com\/es\/av-madereros\/","url":"https:\/\/opticacremades.com\/es\/av-madereros\/","name":"Contacto Avenida de los Madereros - \u00d3PTICA CREMADES","isPartOf":{"@id":"https:\/\/opticacremades.com\/es\/#website"},"datePublished":"2017-01-31T15:03:41+00:00","dateModified":"2025-01-09T14:02:18+00:00","breadcrumb":{"@id":"https:\/\/opticacremades.com\/es\/av-madereros\/#breadcrumb"},"inLanguage":"es","potentialAction":[{"@type":"ReadAction","target":["https:\/\/opticacremades.com\/es\/av-madereros\/"]}]},{"@type":"BreadcrumbList","@id":"https:\/\/opticacremades.com\/es\/av-madereros\/#breadcrumb","itemListElement":[{"@type":"ListItem","position":1,"name":"Portada","item":"https:\/\/opticacremades.com\/es\/"},{"@type":"ListItem","position":2,"name":"Contacto Avenida de los Madereros"}]},{"@type":"WebSite","@id":"https:\/\/opticacremades.com\/es\/#website","url":"https:\/\/opticacremades.com\/es\/","name":"Optica Cremades","description":"Otro sitio creado por OPTI","publisher":{"@id":"https:\/\/opticacremades.com\/es\/#organization"},"potentialAction":[{"@type":"SearchAction","target":{"@type":"EntryPoint","urlTemplate":"https:\/\/opticacremades.com\/es\/?s={search_term_string}"},"query-input":{"@type":"PropertyValueSpecification","valueRequired":true,"valueName":"search_term_string"}}],"inLanguage":"es"},{"@type":"Organization","@id":"https:\/\/opticacremades.com\/es\/#organization","name":"Optica Cremades","url":"https:\/\/opticacremades.com\/es\/","logo":{"@type":"ImageObject","inLanguage":"es","@id":"https:\/\/opticacremades.com\/es\/#\/schema\/logo\/image\/","url":null,"contentUrl":null,"width":null,"height":null,"caption":"Optica Cremades"},"image":{"@id":"https:\/\/opticacremades.com\/es\/#\/schema\/logo\/image\/"}}]}},"_links":{"self":[{"href":"https:\/\/opticacremades.com\/es\/wp-json\/wp\/v2\/pages\/1619","targetHints":{"allow":["GET"]}}],"collection":[{"href":"https:\/\/opticacremades.com\/es\/wp-json\/wp\/v2\/pages"}],"about":[{"href":"https:\/\/opticacremades.com\/es\/wp-json\/wp\/v2\/types\/page"}],"author":[{"embeddable":true,"href":"https:\/\/opticacremades.com\/es\/wp-json\/wp\/v2\/users\/12"}],"replies":[{"embeddable":true,"href":"https:\/\/opticacremades.com\/es\/wp-json\/wp\/v2\/comments?post=1619"}],"version-history":[{"count":20,"href":"https:\/\/opticacremades.com\/es\/wp-json\/wp\/v2\/pages\/1619\/revisions"}],"predecessor-version":[{"id":2208,"href":"https:\/\/opticacremades.com\/es\/wp-json\/wp\/v2\/pages\/1619\/revisions\/2208"}],"wp:attachment":[{"href":"https:\/\/opticacremades.com\/es\/wp-json\/wp\/v2\/media?parent=1619"}],"curies":[{"name":"wp","href":"https:\/\/api.w.org\/{rel}","templated":true}]}}